{"version":"1.0","provider_name":"A te bab\u00e1d","provider_url":"https:\/\/szepnapok.cafeblog.hu","author_name":"Nagy Szimona","author_url":"https:\/\/szepnapok.cafeblog.hu\/author\/nagy_szimona\/","title":"Bende","html":"<p>A k\u00e9t \u00e9ves gy\u00f6ny\u00f6r\u0171 Bend\u00e9nek k\u00e9sz\u00fclt ez a 20 cm-es fi\u00facska, Bende :) A kar\u00e1csonyi Angyalt\u00f3l kapta.<\/p>\r\n<p>&nbsp;<\/p>\r\n<div style=\"clear: both;text-align: center\"><a style=\"margin-left: 1em;margin-right: 1em\" href=\"https:\/\/szepnapok.cafeblog.hu\/files\/2014\/12\/DSC_0532.jpg\"><img src=\"https:\/\/szepnapok.cafeblog.hu\/files\/2014\/12\/DSC_0532.jpg\" width=\"640\" height=\"428\" border=\"0\" \/><\/a><\/div>\r\n<div style=\"clear: both;text-align: center\">\u00a0<\/div>\r\n<div style=\"clear: both;text-align: center\">\u00a0<\/div>\r\n<div style=\"clear: both;text-align: center\"><a style=\"margin-left: 1em;margin-right: 1em\" href=\"https:\/\/szepnapok.cafeblog.hu\/files\/2014\/12\/page-1.jpg\"><img src=\"https:\/\/szepnapok.cafeblog.hu\/files\/2014\/12\/page-1.jpg\" width=\"640\" height=\"322\" border=\"0\" \/><\/a><\/div>\r\n<p><span style=\"font-family: Trebuchet MS, sans-serif\">\u00a0<\/span><\/p>","type":"rich","thumbnail_url":"https:\/\/szepnapok.cafeblog.hu\/files\/2014\/12\/DSC_0532-150x150.jpg","thumbnail_width":150,"thumbnail_height":150}