{"version":"1.0","provider_name":"A te bab\u00e1d","provider_url":"https:\/\/szepnapok.cafeblog.hu","author_name":"Nagy Szimona","author_url":"https:\/\/szepnapok.cafeblog.hu\/author\/nagy_szimona\/","title":"Ferk\u00f3","html":"<p>Hidegre fordult az id\u0151, Ferk\u00f3 vastag gyapj\u00fakardig\u00e1nba, pomponos sapk\u00e1ba b\u00fajt, j\u00f3lesik a meleg s\u00e1l is. Na \u00e9s egy kis f\u00e9ny, mert kint, a term\u00e9szetben egyre ink\u00e1bb fogyatkozik.<\/p>\r\n<p>&nbsp;<\/p>\r\n<p><img class=\"aligncenter size-large wp-image-121\" src=\"https:\/\/szepnapok.cafeblog.hu\/files\/2014\/11\/page-2B-2--600x600.jpg\" alt=\"page-2B-2-\" width=\"600\" height=\"600\" \/><\/p>\r\n<p><a style=\"margin-left: 1em;margin-right: 1em\" href=\"https:\/\/szepnapok.cafeblog.hu\/files\/2014\/11\/page5.jpg\"><img class=\"aligncenter\" src=\"https:\/\/szepnapok.cafeblog.hu\/files\/2014\/11\/page5.jpg\" width=\"640\" height=\"640\" border=\"0\" \/><\/a><\/p>\r\n<p><a style=\"margin-left: 1em;margin-right: 1em\" href=\"https:\/\/szepnapok.cafeblog.hu\/files\/2014\/11\/page3.jpg\"><img class=\"aligncenter\" src=\"https:\/\/szepnapok.cafeblog.hu\/files\/2014\/11\/page3.jpg\" width=\"640\" height=\"640\" border=\"0\" \/><\/a><\/p>\r\n<p>&nbsp;<\/p>","type":"rich","thumbnail_url":"https:\/\/szepnapok.cafeblog.hu\/files\/2014\/11\/page-2B-2--150x150.jpg","thumbnail_width":150,"thumbnail_height":150}